{"id":199,"date":"2024-08-11T11:07:14","date_gmt":"2024-08-11T09:07:14","guid":{"rendered":"https:\/\/museelyceemariecurie.org\/?page_id=199"},"modified":"2024-08-11T19:10:29","modified_gmt":"2024-08-11T17:10:29","slug":"la-mixite-en-1971","status":"publish","type":"page","link":"https:\/\/museelyceemariecurie.org\/index.php\/la-mixite-en-1971\/","title":{"rendered":"La mixit\u00e9 en 1971"},"content":{"rendered":"\n<p class=\"has-drop-cap has-system-sans-serif-font-family has-medium-font-size\">La mixit\u00e9 est introduite en classe de sixi\u00e8me en 1971 et va de pair avec la fin du port de la blouse. Il faudra donc 7 ans avant que l\u2019ensemble des classes deviennent mixtes et les gar\u00e7ons sont au d\u00e9part minoritaires dans les classes. <\/p>\n\n\n\n<p class=\"has-drop-cap has-system-sans-serif-font-family has-medium-font-size\">La mixit\u00e9 parmi les professeurs sera beaucoup plus longue \u00e0 se mettre en place au gr\u00e9 des mutations et des d\u00e9parts en retraite. Le premier homme est acceuilli avec enthousiasme par les sifflets de ses coll\u00e8gues professeures, d\u2019apr\u00e8s le t\u00e9moignage d\u2019H\u00e9l\u00e8ne Chanezon.<\/p>\n","protected":false},"excerpt":{"rendered":"<p>La mixit\u00e9 est introduite en classe de sixi\u00e8me en 1971 et va de pair avec la fin du port de la blouse. Il faudra donc 7 ans avant que l\u2019ensemble des classes deviennent mixtes et les gar\u00e7ons sont au d\u00e9part minoritaires dans les classes. La mixit\u00e9 parmi les professeurs sera beaucoup plus longue \u00e0 se [&hellip;]<\/p>\n","protected":false},"author":1,"featured_media":200,"parent":0,"menu_order":0,"comment_status":"closed","ping_status":"closed","template":"","meta":{"footnotes":""},"class_list":["post-199","page","type-page","status-publish","has-post-thumbnail","hentry"],"_links":{"self":[{"href":"https:\/\/museelyceemariecurie.org\/index.php\/wp-json\/wp\/v2\/pages\/199","targetHints":{"allow":["GET"]}}],"collection":[{"href":"https:\/\/museelyceemariecurie.org\/index.php\/wp-json\/wp\/v2\/pages"}],"about":[{"href":"https:\/\/museelyceemariecurie.org\/index.php\/wp-json\/wp\/v2\/types\/page"}],"author":[{"embeddable":true,"href":"https:\/\/museelyceemariecurie.org\/index.php\/wp-json\/wp\/v2\/users\/1"}],"replies":[{"embeddable":true,"href":"https:\/\/museelyceemariecurie.org\/index.php\/wp-json\/wp\/v2\/comments?post=199"}],"version-history":[{"count":3,"href":"https:\/\/museelyceemariecurie.org\/index.php\/wp-json\/wp\/v2\/pages\/199\/revisions"}],"predecessor-version":[{"id":288,"href":"https:\/\/museelyceemariecurie.org\/index.php\/wp-json\/wp\/v2\/pages\/199\/revisions\/288"}],"wp:featuredmedia":[{"embeddable":true,"href":"https:\/\/museelyceemariecurie.org\/index.php\/wp-json\/wp\/v2\/media\/200"}],"wp:attachment":[{"href":"https:\/\/museelyceemariecurie.org\/index.php\/wp-json\/wp\/v2\/media?parent=199"}],"curies":[{"name":"wp","href":"https:\/\/api.w.org\/{rel}","templated":true}]}}